{"id":289,"date":"2023-10-11T15:21:12","date_gmt":"2023-10-11T15:21:12","guid":{"rendered":"https:\/\/fgtb-verviers.be\/services\/arbeitslosenamt\/"},"modified":"2023-10-18T13:00:35","modified_gmt":"2023-10-18T13:00:35","slug":"arbeitslosenamt","status":"publish","type":"services","link":"https:\/\/fgtb-verviers.be\/de\/services\/arbeitslosenamt\/","title":{"rendered":"Arbeitslosenamt"},"content":{"rendered":"\n<h2 class=\"wp-block-heading\">Missionen<\/h2>\n\n\n\n<p>Die Aufgaben des Arbeitslosendienstes sind vielf\u00e4ltig und komplex. Die Gesetzesartikel, die die Dimension der Arbeitslosigkeit verwalten, unterliegen st\u00e4ndigen \u00c4nderungen, die die Arbeit komplexer machen.<\/p>\n\n\n\n<h3 class=\"wp-block-heading\">Empfang von Affiliates<\/h3>\n\n\n\n<h3 class=\"wp-block-heading\"><br>Erstellung von Zulagenantr\u00e4gen<\/h3>\n\n\n\n<ul class=\"wp-block-list\">\n<li>Einholen von Belegen von Arbeitgebern<\/li>\n\n\n\n<li>Elektronische Daten wiederherstellen<\/li>\n\n\n\n<li>\u00dcberpr\u00fcfung des Dossiers<\/li>\n\n\n\n<li>Einreichung von Antr\u00e4gen bei den Arbeitslosenb\u00fcros des LfA<\/li>\n\n\n\n<li>\u00dcberpr\u00fcfung und Verwaltung von Zahlungsbewilligungen<\/li>\n<\/ul>\n\n\n\n<h3 class=\"wp-block-heading\">Zahlungen von Arbeitslosengeld<\/h3>\n\n\n\n<ul class=\"wp-block-list\">\n<li>Empfang von Dokumenten in Papierform<\/li>\n\n\n\n<li>Elektronische Dokumente wiederherstellen<\/li>\n\n\n\n<li>Verschl\u00fcsselung von Zahlungen<\/li>\n\n\n\n<li>M\u00fcnzeinwurf bei den Arbeitslosen\u00e4mtern des LfA<\/li>\n\n\n\n<li>Verwaltung der Ablehnungen und R\u00fcckforderungen nach der \u00dcberpr\u00fcfung der M\u00fcnzen durch das LfA<\/li>\n<\/ul>\n\n\n\n<h3 class=\"wp-block-heading\">Zahlungen von Nebenzulagen (ACTIVA, Kinderbetreuung, Jugendurlaub, &#8230;)<\/h3>\n\n\n\n<ul class=\"wp-block-list\">\n<li>Empfang von Dokumenten in Papierform<\/li>\n\n\n\n<li>Elektronische Dokumente wiederherstellen<\/li>\n\n\n\n<li>Verschl\u00fcsselung von Zahlungen<\/li>\n\n\n\n<li>M\u00fcnzeinwurf bei den Arbeitslosen\u00e4mtern des LfA<\/li>\n\n\n\n<li>Verwaltung der Ablehnungen und R\u00fcckforderungen nach der \u00dcberpr\u00fcfung der M\u00fcnzen durch das LfA<\/li>\n<\/ul>\n\n\n\n<p><br>Ein ganzes System der Qualit\u00e4tskontrolle wird vom Gesetzgeber eingef\u00fchrt und vom LfA ausgef\u00fchrt, sowohl bei den Antr\u00e4gen auf Zulagen als auch bei den Zahlungen.<\/p>\n\n\n\n<p>Eine schlechte Aktenf\u00fchrung (in den Augen des ONEm) f\u00fchrt zu finanziellen Sanktionen bei den EO. Dies ist zum Beispiel der Fall, wenn ein Antrag auf Beihilfe beim LfA unvollst\u00e4ndig eingereicht wird.<\/p>\n\n\n\n<p>Die Arbeitslosen\u00e4mter (rechtlich: Zahlstellen) sind verpflichtet, zu Unrecht gezahlte Betr\u00e4ge von den Arbeitslosen zur\u00fcckzufordern. Im Falle einer teilweisen oder vollst\u00e4ndigen Nichteinziehung muss die EO diese Betr\u00e4ge aus eigenen Mitteln zur\u00fcckzahlen.<\/p>\n\n\n\n<h2 class=\"wp-block-heading\">Zentralb\u00fcro<\/h2>\n\n\n\n<p><a href=\"http:\/\/www.google.com\/maps?daddr=Pont%20aux%20Lions%2023%2CVerviers%2C4800%2CBelgium\" target=\"_blank\" rel=\"noreferrer noopener\">Pont aux Lions, 23\/2<\/a>, 4800 VERVIERS<\/p>\n\n\n\n<p>Tel. allgemein: +32 87 39 46 46<\/p>\n\n\n\n<p>Fax: +32 87 39 46 48<\/p>\n\n\n\n<p>Kontakt-E-Mail:&nbsp;<a href=\"mailto:chomage.verviers@fgtb.be\" target=\"_blank\" rel=\"noreferrer noopener\">chomage.verviers@fgtb.be<\/a><\/p>\n\n\n\n<h3 class=\"wp-block-heading\">\u00d6ffnungszeiten<\/h3>\n\n\n\n<p>\n            <em>Auf der Ebene des Warteraums wurde ein Pre-Call-Service eingerichtet. Aus diesem Grund wurden die \u00d6ffnungszeiten ge\u00e4ndert (siehe unten), um die Empfangszeiten zu erweitern. Dieser Vorabservice empf\u00e4ngt Sie innerhalb einer relativ kurzen Zeitspanne und leitet Sie entweder an die f\u00fcr Sie interessante Stelle weiter oder k\u00fcmmert sich um Ihr Problem, wenn es sich um ein kleines Problem handelt, das keine langen Arbeitsminuten erfordert.<\/em>\n          <\/p>\n\n\n\n<p>\n            <em>Wir hoffen, dass dieser Service Sie zufriedenstellen und die Wartezeiten bei der Arbeitsvermittlung deutlich verk\u00fcrzen kann.<\/em>\n          <\/p>\n\n\n\n<h3 class=\"wp-block-heading\">\n            <strong>Dienststelle Ablehnung<\/strong>\n          <\/h3>\n\n\n\n<p>Diese Abteilung k\u00fcmmert sich um die gesamte Problematik der \u00dcberpr\u00fcfung von Arbeitslosenzahlungen :<\/p>\n\n\n\n<ul class=\"wp-block-list\">\n<li>Verteidigung der Mitglieder gegen\u00fcber den Entscheidungen des LfA<\/li>\n\n\n\n<li>R\u00fcckforderung von Indus<\/li>\n<\/ul>\n\n\n\n<p><\/p>\n\n\n\n<p><\/p>\n\n\n\n<p><a href=\"mailto:annick.lambert@fgtb.be\" target=\"_blank\" rel=\"noreferrer noopener\">LAMBERT Annick<\/a><br>+32 87 39 46 23<\/p>\n\n\n\n<p><a href=\"mailto:david.compere@fgtb.be\" target=\"_blank\" rel=\"noreferrer noopener\">David COMPERE<\/a><br>+32 87 39 46 28<\/p>\n\n\n\n<h3 class=\"wp-block-heading\">\n            <strong>Abteilung f\u00fcr Rechtsstreitigkeiten<\/strong>\n          <\/h3>\n\n\n\n<p>Diese Abteilung k\u00fcmmert sich um die Verwaltung von Abtretungen auf Arbeitslosengeld.<\/p>\n\n\n\n<p>Telefon: +32 87 39 31 17<br>Fax: +32 87 39 46 49<\/p>\n\n\n\n<h3 class=\"wp-block-heading\">\n            <strong>Externe Permanenzen<\/strong>\n          <\/h3>\n\n\n\n<ul class=\"wp-block-list\">\n<li>Eupen<\/li>\n\n\n\n<li>Herve<\/li>\n\n\n\n<li>Die Galmei<\/li>\n\n\n\n<li>Malmedy<\/li>\n\n\n\n<li>Spa<\/li>\n\n\n\n<li>St. Vith<\/li>\n\n\n\n<li>Verviers II<\/li>\n\n\n\n<li>Welkenraedt<\/li>\n<\/ul>\n\n\n\n<h3 class=\"wp-block-heading\">\n            <strong>Abteilungsleiter\/innen<\/strong>\n          <\/h3>\n\n\n\n<p>Tel.: +32 87&nbsp;63 96 50<br>Fax: +32 87 63 96 59<\/p>\n","protected":false},"excerpt":{"rendered":"<p>Entdecken Sie die Arbeitslosenabteilung der FGTB, Ihr Verb\u00fcndeter in schwierigen Zeiten. Wir sind da, um Sie bei jedem Schritt auf Ihrem Weg in die Arbeitslosigkeit zu unterst\u00fctzen. Nutzen Sie unser Fachwissen f\u00fcr vereinfachte Verfahren und optimierte Sozialleistungen. Unser Engagement: Ihnen dabei helfen, zu neuen Chancen abzuprallen. Schlie\u00dfen Sie sich uns noch heute an und machen Sie die FGTB zu Ihrem vertrauensw\u00fcrdigen Partner in Sachen Arbeitslosigkeit.<\/p>\n","protected":false},"featured_media":249,"template":"","class_list":["post-289","services","type-services","status-publish","has-post-thumbnail","hentry"],"acf":[],"yoast_head":"<!-- This site is optimized with the Yoast SEO plugin v27.4 - https:\/\/yoast.com\/product\/yoast-seo-wordpress\/ -->\n<title>Arbeitslosenamt - FGTB Verviers<\/title>\n<meta name=\"robots\" content=\"index, follow, max-snippet:-1, max-image-preview:large, max-video-preview:-1\" \/>\n<link rel=\"canonical\" href=\"http:\/\/fgtb-verviers.be\/de\/services\/arbeitslosenamt\/\" \/>\n<meta property=\"og:locale\" content=\"de_DE\" \/>\n<meta property=\"og:type\" content=\"article\" \/>\n<meta property=\"og:title\" content=\"Arbeitslosenamt - FGTB Verviers\" \/>\n<meta property=\"og:description\" content=\"Entdecken Sie die Arbeitslosenabteilung der FGTB, Ihr Verb\u00fcndeter in schwierigen Zeiten. Wir sind da, um Sie bei jedem Schritt auf Ihrem Weg in die Arbeitslosigkeit zu unterst\u00fctzen. Nutzen Sie unser Fachwissen f\u00fcr vereinfachte Verfahren und optimierte Sozialleistungen. Unser Engagement: Ihnen dabei helfen, zu neuen Chancen abzuprallen. Schlie\u00dfen Sie sich uns noch heute an und machen Sie die FGTB zu Ihrem vertrauensw\u00fcrdigen Partner in Sachen Arbeitslosigkeit.\" \/>\n<meta property=\"og:url\" content=\"http:\/\/fgtb-verviers.be\/de\/services\/arbeitslosenamt\/\" \/>\n<meta property=\"og:site_name\" content=\"FGTB Verviers\" \/>\n<meta property=\"article:modified_time\" content=\"2023-10-18T13:00:35+00:00\" \/>\n<meta property=\"og:image\" content=\"http:\/\/fgtb-verviers.be\/wp-content\/uploads\/2023\/10\/office_droit_sociaux.jpg\" \/>\n\t<meta property=\"og:image:width\" content=\"1920\" \/>\n\t<meta property=\"og:image:height\" content=\"1280\" \/>\n\t<meta property=\"og:image:type\" content=\"image\/jpeg\" \/>\n<meta name=\"twitter:card\" content=\"summary_large_image\" \/>\n<script type=\"application\/ld+json\" class=\"yoast-schema-graph\">{\"@context\":\"https:\\\/\\\/schema.org\",\"@graph\":[{\"@type\":\"WebPage\",\"@id\":\"http:\\\/\\\/fgtb-verviers.be\\\/de\\\/services\\\/arbeitslosenamt\\\/\",\"url\":\"http:\\\/\\\/fgtb-verviers.be\\\/de\\\/services\\\/arbeitslosenamt\\\/\",\"name\":\"Arbeitslosenamt - FGTB Verviers\",\"isPartOf\":{\"@id\":\"http:\\\/\\\/fgtb-verviers.be\\\/#website\"},\"primaryImageOfPage\":{\"@id\":\"http:\\\/\\\/fgtb-verviers.be\\\/de\\\/services\\\/arbeitslosenamt\\\/#primaryimage\"},\"image\":{\"@id\":\"http:\\\/\\\/fgtb-verviers.be\\\/de\\\/services\\\/arbeitslosenamt\\\/#primaryimage\"},\"thumbnailUrl\":\"https:\\\/\\\/fgtb-verviers.be\\\/wp-content\\\/uploads\\\/2023\\\/10\\\/office_droit_sociaux.jpg\",\"datePublished\":\"2023-10-11T15:21:12+00:00\",\"dateModified\":\"2023-10-18T13:00:35+00:00\",\"breadcrumb\":{\"@id\":\"http:\\\/\\\/fgtb-verviers.be\\\/de\\\/services\\\/arbeitslosenamt\\\/#breadcrumb\"},\"inLanguage\":\"de\",\"potentialAction\":[{\"@type\":\"ReadAction\",\"target\":[\"http:\\\/\\\/fgtb-verviers.be\\\/de\\\/services\\\/arbeitslosenamt\\\/\"]}]},{\"@type\":\"ImageObject\",\"inLanguage\":\"de\",\"@id\":\"http:\\\/\\\/fgtb-verviers.be\\\/de\\\/services\\\/arbeitslosenamt\\\/#primaryimage\",\"url\":\"https:\\\/\\\/fgtb-verviers.be\\\/wp-content\\\/uploads\\\/2023\\\/10\\\/office_droit_sociaux.jpg\",\"contentUrl\":\"https:\\\/\\\/fgtb-verviers.be\\\/wp-content\\\/uploads\\\/2023\\\/10\\\/office_droit_sociaux.jpg\",\"width\":1920,\"height\":1280},{\"@type\":\"BreadcrumbList\",\"@id\":\"http:\\\/\\\/fgtb-verviers.be\\\/de\\\/services\\\/arbeitslosenamt\\\/#breadcrumb\",\"itemListElement\":[{\"@type\":\"ListItem\",\"position\":1,\"name\":\"Accueil\",\"item\":\"http:\\\/\\\/fgtb-verviers.be\\\/\"},{\"@type\":\"ListItem\",\"position\":2,\"name\":\"Arbeitslosenamt\"}]},{\"@type\":\"WebSite\",\"@id\":\"http:\\\/\\\/fgtb-verviers.be\\\/#website\",\"url\":\"http:\\\/\\\/fgtb-verviers.be\\\/\",\"name\":\"FGTB Verviers\",\"description\":\"Ensemble, on est plus forts !\",\"potentialAction\":[{\"@type\":\"SearchAction\",\"target\":{\"@type\":\"EntryPoint\",\"urlTemplate\":\"http:\\\/\\\/fgtb-verviers.be\\\/?s={search_term_string}\"},\"query-input\":{\"@type\":\"PropertyValueSpecification\",\"valueRequired\":true,\"valueName\":\"search_term_string\"}}],\"inLanguage\":\"de\"}]}<\/script>\n<!-- \/ Yoast SEO plugin. -->","yoast_head_json":{"title":"Arbeitslosenamt - FGTB Verviers","robots":{"index":"index","follow":"follow","max-snippet":"max-snippet:-1","max-image-preview":"max-image-preview:large","max-video-preview":"max-video-preview:-1"},"canonical":"http:\/\/fgtb-verviers.be\/de\/services\/arbeitslosenamt\/","og_locale":"de_DE","og_type":"article","og_title":"Arbeitslosenamt - FGTB Verviers","og_description":"Entdecken Sie die Arbeitslosenabteilung der FGTB, Ihr Verb\u00fcndeter in schwierigen Zeiten. Wir sind da, um Sie bei jedem Schritt auf Ihrem Weg in die Arbeitslosigkeit zu unterst\u00fctzen. Nutzen Sie unser Fachwissen f\u00fcr vereinfachte Verfahren und optimierte Sozialleistungen. Unser Engagement: Ihnen dabei helfen, zu neuen Chancen abzuprallen. Schlie\u00dfen Sie sich uns noch heute an und machen Sie die FGTB zu Ihrem vertrauensw\u00fcrdigen Partner in Sachen Arbeitslosigkeit.","og_url":"http:\/\/fgtb-verviers.be\/de\/services\/arbeitslosenamt\/","og_site_name":"FGTB Verviers","article_modified_time":"2023-10-18T13:00:35+00:00","og_image":[{"width":1920,"height":1280,"url":"http:\/\/fgtb-verviers.be\/wp-content\/uploads\/2023\/10\/office_droit_sociaux.jpg","type":"image\/jpeg"}],"twitter_card":"summary_large_image","schema":{"@context":"https:\/\/schema.org","@graph":[{"@type":"WebPage","@id":"http:\/\/fgtb-verviers.be\/de\/services\/arbeitslosenamt\/","url":"http:\/\/fgtb-verviers.be\/de\/services\/arbeitslosenamt\/","name":"Arbeitslosenamt - FGTB Verviers","isPartOf":{"@id":"http:\/\/fgtb-verviers.be\/#website"},"primaryImageOfPage":{"@id":"http:\/\/fgtb-verviers.be\/de\/services\/arbeitslosenamt\/#primaryimage"},"image":{"@id":"http:\/\/fgtb-verviers.be\/de\/services\/arbeitslosenamt\/#primaryimage"},"thumbnailUrl":"https:\/\/fgtb-verviers.be\/wp-content\/uploads\/2023\/10\/office_droit_sociaux.jpg","datePublished":"2023-10-11T15:21:12+00:00","dateModified":"2023-10-18T13:00:35+00:00","breadcrumb":{"@id":"http:\/\/fgtb-verviers.be\/de\/services\/arbeitslosenamt\/#breadcrumb"},"inLanguage":"de","potentialAction":[{"@type":"ReadAction","target":["http:\/\/fgtb-verviers.be\/de\/services\/arbeitslosenamt\/"]}]},{"@type":"ImageObject","inLanguage":"de","@id":"http:\/\/fgtb-verviers.be\/de\/services\/arbeitslosenamt\/#primaryimage","url":"https:\/\/fgtb-verviers.be\/wp-content\/uploads\/2023\/10\/office_droit_sociaux.jpg","contentUrl":"https:\/\/fgtb-verviers.be\/wp-content\/uploads\/2023\/10\/office_droit_sociaux.jpg","width":1920,"height":1280},{"@type":"BreadcrumbList","@id":"http:\/\/fgtb-verviers.be\/de\/services\/arbeitslosenamt\/#breadcrumb","itemListElement":[{"@type":"ListItem","position":1,"name":"Accueil","item":"http:\/\/fgtb-verviers.be\/"},{"@type":"ListItem","position":2,"name":"Arbeitslosenamt"}]},{"@type":"WebSite","@id":"http:\/\/fgtb-verviers.be\/#website","url":"http:\/\/fgtb-verviers.be\/","name":"FGTB Verviers","description":"Ensemble, on est plus forts !","potentialAction":[{"@type":"SearchAction","target":{"@type":"EntryPoint","urlTemplate":"http:\/\/fgtb-verviers.be\/?s={search_term_string}"},"query-input":{"@type":"PropertyValueSpecification","valueRequired":true,"valueName":"search_term_string"}}],"inLanguage":"de"}]}},"_links":{"self":[{"href":"https:\/\/fgtb-verviers.be\/de\/wp-json\/wp\/v2\/services\/289","targetHints":{"allow":["GET"]}}],"collection":[{"href":"https:\/\/fgtb-verviers.be\/de\/wp-json\/wp\/v2\/services"}],"about":[{"href":"https:\/\/fgtb-verviers.be\/de\/wp-json\/wp\/v2\/types\/services"}],"wp:featuredmedia":[{"embeddable":true,"href":"https:\/\/fgtb-verviers.be\/de\/wp-json\/wp\/v2\/media\/249"}],"wp:attachment":[{"href":"https:\/\/fgtb-verviers.be\/de\/wp-json\/wp\/v2\/media?parent=289"}],"curies":[{"name":"wp","href":"https:\/\/api.w.org\/{rel}","templated":true}]}}