{"id":287,"date":"2023-10-17T12:30:04","date_gmt":"2023-10-17T12:30:04","guid":{"rendered":"https:\/\/fgtb-verviers.be\/services\/sadef\/"},"modified":"2023-10-18T13:00:08","modified_gmt":"2023-10-18T13:00:08","slug":"sadef","status":"publish","type":"services","link":"https:\/\/fgtb-verviers.be\/de\/services\/sadef\/","title":{"rendered":"SADEF"},"content":{"rendered":"\n<h2 class=\"wp-block-heading\">Pr\u00e4sentation<\/h2>\n\n\n\n<p>Ob Sie Bedenken hinsichtlich Ihrer Arbeitsbedingungen, Ihres Gehalts, Ihrer Sozialleistungen oder anderer besch\u00e4ftigungsbezogener Fragen haben, SADEF steht Ihnen zur Seite. Wir bieten Rechtsberatung, Schlichtungsdienste und eine effektive Vertretung, um Ihnen bei der L\u00f6sung von Problemen im Zusammenhang mit der Besch\u00e4ftigung zu helfen.<\/p>\n\n\n\n<p>Unsere Aufgabe ist es, ein faires Arbeitsumfeld zu schaffen, in dem jeder Mitarbeiter mit W\u00fcrde und Respekt behandelt wird. Treten Sie SADEF bei und machen Sie uns zu Ihrem Verb\u00fcndeten im Kampf f\u00fcr faire Arbeitsbedingungen und geachtete Arbeitnehmerrechte. Gemeinsam sind wir st\u00e4rker, um Ihre Interessen zu vertreten und eine bessere berufliche Zukunft aufzubauen.<\/p>\n\n\n\n<h3 class=\"wp-block-heading\">\n            <strong>Missionen<\/strong>\n          <\/h3>\n\n\n\n<ul class=\"wp-block-list\">\n<li>Verteidigung der Forem-Mitglieder&nbsp;&nbsp; im Rahmen der Kontrolle des Verhaltens bei der aktiven Arbeitssuche.<\/li>\n\n\n\n<li>Begleitung der Mitglieder bei der Arbeitssuche<\/li>\n\n\n\n<li>Vermitteln Sie zwischen den Mitgliedsorganisationen und dem FOREm und\/oder den Bildungsanbietern.<\/li>\n<\/ul>\n\n\n\n<h3 class=\"wp-block-heading\">\n            <strong>Agenten<\/strong>\n          <\/h3>\n\n\n\n<p><a href=\"mailto:Naoel.Mbarki@fgtb.be\" target=\"_blank\" rel=\"noreferrer noopener\">Naoel MBARKI<\/a><br>+32 87 39 46 20<\/p>\n\n\n\n<p><a href=\"mailto:sadef.verviers@fgtb.be\">Marthe KIANGU NDOFUNGU<\/a>  <br>Tel: +32 87 63 96 54<br>Fax: +32 87 63 96 56<\/p>\n","protected":false},"excerpt":{"rendered":"<p>Der Service d&#8217;Assistance pour les Droits des Employ\u00e9s (SADEF) des FGTB widmet sich der Verteidigung der Rechte von Arbeitnehmern in Belgien. Mit ihrem Fachwissen und ihrer Leidenschaft f\u00fcr soziale Gerechtigkeit arbeitet die SADEF unerm\u00fcdlich daran, sicherzustellen, dass die Rechte der Besch\u00e4ftigten geachtet und gesch\u00fctzt werden.<\/p>\n","protected":false},"featured_media":267,"template":"","class_list":["post-287","services","type-services","status-publish","has-post-thumbnail","hentry"],"acf":[],"yoast_head":"<!-- This site is optimized with the Yoast SEO plugin v27.4 - https:\/\/yoast.com\/product\/yoast-seo-wordpress\/ -->\n<title>SADEF - FGTB Verviers<\/title>\n<meta name=\"robots\" content=\"index, follow, max-snippet:-1, max-image-preview:large, max-video-preview:-1\" \/>\n<link rel=\"canonical\" href=\"http:\/\/fgtb-verviers.be\/de\/services\/sadef\/\" \/>\n<meta property=\"og:locale\" content=\"de_DE\" \/>\n<meta property=\"og:type\" content=\"article\" \/>\n<meta property=\"og:title\" content=\"SADEF - FGTB Verviers\" \/>\n<meta property=\"og:description\" content=\"Der Service d&#039;Assistance pour les Droits des Employ\u00e9s (SADEF) des FGTB widmet sich der Verteidigung der Rechte von Arbeitnehmern in Belgien. Mit ihrem Fachwissen und ihrer Leidenschaft f\u00fcr soziale Gerechtigkeit arbeitet die SADEF unerm\u00fcdlich daran, sicherzustellen, dass die Rechte der Besch\u00e4ftigten geachtet und gesch\u00fctzt werden.\" \/>\n<meta property=\"og:url\" content=\"http:\/\/fgtb-verviers.be\/de\/services\/sadef\/\" \/>\n<meta property=\"og:site_name\" content=\"FGTB Verviers\" \/>\n<meta property=\"article:modified_time\" content=\"2023-10-18T13:00:08+00:00\" \/>\n<meta property=\"og:image\" content=\"http:\/\/fgtb-verviers.be\/wp-content\/uploads\/2023\/10\/sadef.jpg\" \/>\n\t<meta property=\"og:image:width\" content=\"1920\" \/>\n\t<meta property=\"og:image:height\" content=\"1280\" \/>\n\t<meta property=\"og:image:type\" content=\"image\/jpeg\" \/>\n<meta name=\"twitter:card\" content=\"summary_large_image\" \/>\n<meta name=\"twitter:label1\" content=\"Gesch\u00e4tzte Lesezeit\" \/>\n\t<meta name=\"twitter:data1\" content=\"1\u00a0Minute\" \/>\n<script type=\"application\/ld+json\" class=\"yoast-schema-graph\">{\"@context\":\"https:\\\/\\\/schema.org\",\"@graph\":[{\"@type\":\"WebPage\",\"@id\":\"http:\\\/\\\/fgtb-verviers.be\\\/de\\\/services\\\/sadef\\\/\",\"url\":\"http:\\\/\\\/fgtb-verviers.be\\\/de\\\/services\\\/sadef\\\/\",\"name\":\"SADEF - FGTB Verviers\",\"isPartOf\":{\"@id\":\"http:\\\/\\\/fgtb-verviers.be\\\/#website\"},\"primaryImageOfPage\":{\"@id\":\"http:\\\/\\\/fgtb-verviers.be\\\/de\\\/services\\\/sadef\\\/#primaryimage\"},\"image\":{\"@id\":\"http:\\\/\\\/fgtb-verviers.be\\\/de\\\/services\\\/sadef\\\/#primaryimage\"},\"thumbnailUrl\":\"https:\\\/\\\/fgtb-verviers.be\\\/wp-content\\\/uploads\\\/2023\\\/10\\\/sadef.jpg\",\"datePublished\":\"2023-10-17T12:30:04+00:00\",\"dateModified\":\"2023-10-18T13:00:08+00:00\",\"breadcrumb\":{\"@id\":\"http:\\\/\\\/fgtb-verviers.be\\\/de\\\/services\\\/sadef\\\/#breadcrumb\"},\"inLanguage\":\"de\",\"potentialAction\":[{\"@type\":\"ReadAction\",\"target\":[\"http:\\\/\\\/fgtb-verviers.be\\\/de\\\/services\\\/sadef\\\/\"]}]},{\"@type\":\"ImageObject\",\"inLanguage\":\"de\",\"@id\":\"http:\\\/\\\/fgtb-verviers.be\\\/de\\\/services\\\/sadef\\\/#primaryimage\",\"url\":\"https:\\\/\\\/fgtb-verviers.be\\\/wp-content\\\/uploads\\\/2023\\\/10\\\/sadef.jpg\",\"contentUrl\":\"https:\\\/\\\/fgtb-verviers.be\\\/wp-content\\\/uploads\\\/2023\\\/10\\\/sadef.jpg\",\"width\":1920,\"height\":1280},{\"@type\":\"BreadcrumbList\",\"@id\":\"http:\\\/\\\/fgtb-verviers.be\\\/de\\\/services\\\/sadef\\\/#breadcrumb\",\"itemListElement\":[{\"@type\":\"ListItem\",\"position\":1,\"name\":\"Accueil\",\"item\":\"http:\\\/\\\/fgtb-verviers.be\\\/\"},{\"@type\":\"ListItem\",\"position\":2,\"name\":\"SADEF\"}]},{\"@type\":\"WebSite\",\"@id\":\"http:\\\/\\\/fgtb-verviers.be\\\/#website\",\"url\":\"http:\\\/\\\/fgtb-verviers.be\\\/\",\"name\":\"FGTB Verviers\",\"description\":\"Ensemble, on est plus forts !\",\"potentialAction\":[{\"@type\":\"SearchAction\",\"target\":{\"@type\":\"EntryPoint\",\"urlTemplate\":\"http:\\\/\\\/fgtb-verviers.be\\\/?s={search_term_string}\"},\"query-input\":{\"@type\":\"PropertyValueSpecification\",\"valueRequired\":true,\"valueName\":\"search_term_string\"}}],\"inLanguage\":\"de\"}]}<\/script>\n<!-- \/ Yoast SEO plugin. -->","yoast_head_json":{"title":"SADEF - FGTB Verviers","robots":{"index":"index","follow":"follow","max-snippet":"max-snippet:-1","max-image-preview":"max-image-preview:large","max-video-preview":"max-video-preview:-1"},"canonical":"http:\/\/fgtb-verviers.be\/de\/services\/sadef\/","og_locale":"de_DE","og_type":"article","og_title":"SADEF - FGTB Verviers","og_description":"Der Service d'Assistance pour les Droits des Employ\u00e9s (SADEF) des FGTB widmet sich der Verteidigung der Rechte von Arbeitnehmern in Belgien. Mit ihrem Fachwissen und ihrer Leidenschaft f\u00fcr soziale Gerechtigkeit arbeitet die SADEF unerm\u00fcdlich daran, sicherzustellen, dass die Rechte der Besch\u00e4ftigten geachtet und gesch\u00fctzt werden.","og_url":"http:\/\/fgtb-verviers.be\/de\/services\/sadef\/","og_site_name":"FGTB Verviers","article_modified_time":"2023-10-18T13:00:08+00:00","og_image":[{"width":1920,"height":1280,"url":"http:\/\/fgtb-verviers.be\/wp-content\/uploads\/2023\/10\/sadef.jpg","type":"image\/jpeg"}],"twitter_card":"summary_large_image","twitter_misc":{"Gesch\u00e4tzte Lesezeit":"1\u00a0Minute"},"schema":{"@context":"https:\/\/schema.org","@graph":[{"@type":"WebPage","@id":"http:\/\/fgtb-verviers.be\/de\/services\/sadef\/","url":"http:\/\/fgtb-verviers.be\/de\/services\/sadef\/","name":"SADEF - FGTB Verviers","isPartOf":{"@id":"http:\/\/fgtb-verviers.be\/#website"},"primaryImageOfPage":{"@id":"http:\/\/fgtb-verviers.be\/de\/services\/sadef\/#primaryimage"},"image":{"@id":"http:\/\/fgtb-verviers.be\/de\/services\/sadef\/#primaryimage"},"thumbnailUrl":"https:\/\/fgtb-verviers.be\/wp-content\/uploads\/2023\/10\/sadef.jpg","datePublished":"2023-10-17T12:30:04+00:00","dateModified":"2023-10-18T13:00:08+00:00","breadcrumb":{"@id":"http:\/\/fgtb-verviers.be\/de\/services\/sadef\/#breadcrumb"},"inLanguage":"de","potentialAction":[{"@type":"ReadAction","target":["http:\/\/fgtb-verviers.be\/de\/services\/sadef\/"]}]},{"@type":"ImageObject","inLanguage":"de","@id":"http:\/\/fgtb-verviers.be\/de\/services\/sadef\/#primaryimage","url":"https:\/\/fgtb-verviers.be\/wp-content\/uploads\/2023\/10\/sadef.jpg","contentUrl":"https:\/\/fgtb-verviers.be\/wp-content\/uploads\/2023\/10\/sadef.jpg","width":1920,"height":1280},{"@type":"BreadcrumbList","@id":"http:\/\/fgtb-verviers.be\/de\/services\/sadef\/#breadcrumb","itemListElement":[{"@type":"ListItem","position":1,"name":"Accueil","item":"http:\/\/fgtb-verviers.be\/"},{"@type":"ListItem","position":2,"name":"SADEF"}]},{"@type":"WebSite","@id":"http:\/\/fgtb-verviers.be\/#website","url":"http:\/\/fgtb-verviers.be\/","name":"FGTB Verviers","description":"Ensemble, on est plus forts !","potentialAction":[{"@type":"SearchAction","target":{"@type":"EntryPoint","urlTemplate":"http:\/\/fgtb-verviers.be\/?s={search_term_string}"},"query-input":{"@type":"PropertyValueSpecification","valueRequired":true,"valueName":"search_term_string"}}],"inLanguage":"de"}]}},"_links":{"self":[{"href":"https:\/\/fgtb-verviers.be\/de\/wp-json\/wp\/v2\/services\/287","targetHints":{"allow":["GET"]}}],"collection":[{"href":"https:\/\/fgtb-verviers.be\/de\/wp-json\/wp\/v2\/services"}],"about":[{"href":"https:\/\/fgtb-verviers.be\/de\/wp-json\/wp\/v2\/types\/services"}],"wp:featuredmedia":[{"embeddable":true,"href":"https:\/\/fgtb-verviers.be\/de\/wp-json\/wp\/v2\/media\/267"}],"wp:attachment":[{"href":"https:\/\/fgtb-verviers.be\/de\/wp-json\/wp\/v2\/media?parent=287"}],"curies":[{"name":"wp","href":"https:\/\/api.w.org\/{rel}","templated":true}]}}