{"id":297,"date":"2023-10-12T09:57:33","date_gmt":"2023-10-12T09:57:33","guid":{"rendered":"https:\/\/fgtb-verviers.be\/centrales\/junge-fgtb-verviers\/"},"modified":"2023-11-20T13:23:37","modified_gmt":"2023-11-20T13:23:37","slug":"junge-fgtb-verviers","status":"publish","type":"centrales","link":"http:\/\/fgtb-verviers.be\/de\/centrales\/junge-fgtb-verviers\/","title":{"rendered":"Junge FGTB Verviers"},"content":{"rendered":"\n<h2 class=\"wp-block-heading\">Pr\u00e4sentation<\/h2>\n\n\n\n<p>Die FGTB-Jugend Verviers-Ostbelgien&nbsp;spricht sich f\u00fcr einen kollektiven Kampf aus, der Studierende, Auszubildende, \u00d6SHZ-Empf\u00e4nger\/innen, Arbeitnehmer\/innen aller Sektoren, ob mit oder ohne Papiere, zusammenbringt, um eine echte selbstverwaltete Demokratie aufzubauen.<\/p>\n\n\n\n<p>Die JEUNES-Zentrale hat sich um mehrere Schwerpunkte herum entwickelt:<\/p>\n\n\n\n<ul class=\"wp-block-list\">\n<li>Beteiligung, Sensibilisierung und Animation rund um die Gewerkschaftsarbeit und Sensibilisierung f\u00fcr gewerkschaftliche Themen (Kampagne &#8222;Chope tes allocs&#8220;, Kampagne f\u00fcr die Bezahlung von Praktikantinnen und Praktikanten)<\/li>\n\n\n\n<li>Die kollektive Schaffung von direkten oder symbolischen Handlungen ;<\/li>\n\n\n\n<li>Die Teilnahme, die Sensibilisierung f\u00fcr Problematiken, die denen der Gewerkschaft &nbsp; nahe stehen (Sans papiers, \u00d6kologie, direkte Demokratie, Polizeirepression, Feminismus, Antifaschismus, Unterst\u00fctzung f\u00fcr Kurdistan, Still Standing for culture, Stop Alibaba &#8230;) ;<\/li>\n\n\n\n<li>Hilfe, Coaching bei der Jobsuche und bei rechtlichen Schritten im Zusammenhang mit &#8222;Studentenjobs&#8220; und Schritten nach der Schule.<\/li>\n\n\n\n<li>Die Einf\u00fchrung von p\u00e4dagogischen Aktivit\u00e4ten, die den Erwerb von Autonomie und die kollektive Verwaltung f\u00f6rdern (Permacity, &#8230;)<\/li>\n<\/ul>\n\n\n\n<p><a href=\"https:\/\/jeunes-fgtb.be\/wp-content\/uploads\/2023\/04\/Manifeste_Jeunes_FGTB.pdf\">Manifest der FGTB-Jugend<\/a><\/p>\n\n\n\n<p>Sie sind Student\/in und haben einen Job an Land gezogen? Sind Sie Lehrling? Haben Sie Ihre Ausbildung abgeschlossen? Sie haben Ihr Berufseingliederungspraktikum abgeschlossen und haben Anspruch auf eine Eingliederungsbeihilfe? Suchen Sie eine Stelle? Das sind alles neue Situationen, die viele Fragen zu deinen Rechten und den notwendigen Schritten aufwerfen&nbsp;! Die FGTB-Jugend ist da, um Sie in all diesen Situationen zu begleiten, anzuleiten, zu orientieren und zu verteidigen.<\/p>\n\n\n\n<h3 class=\"wp-block-heading\"><strong>Nachrichten<\/strong><\/h3>\n\n\n\n<p>Artikel \u00fcber Neuigkeiten f\u00fcr Jugendliche (Gesetzes\u00e4nderungen zu Studentenjobs, Reform des Landschaftsdekrets, &#8230;), eure Rechte,&nbsp;: Links zu Brosch\u00fcren und Artikeln auf der FGTB-Jugendseite.<\/p>\n\n\n\n<p>Unsere Zeitung CAMARADES&nbsp;: https: <a href=\"https:\/\/camarade.be\/\">\/\/camarade.be\/<\/a><\/p>\n\n\n\n<h3 class=\"wp-block-heading\"><strong>Aktivit\u00e4ten<\/strong><\/h3>\n\n\n\n<p>Link zu allen Aktivit\u00e4ten in der N\u00e4he&nbsp;: CEPAG, Junge FGTB L\u00fcttich<\/p>\n\n\n\n<h3 class=\"wp-block-heading\"><strong>Kampagnen<\/strong><\/h3>\n\n\n\n<p>Kampagnen&nbsp;: Schnapp dir deine Zulagen und Praktikumsverg\u00fctung<\/p>\n\n\n\n<p>Brosch\u00fcren&nbsp;:&nbsp; <a href=\"https:\/\/jeunes-fgtb.be\/sinformer\/\">https:\/\/jeunes-fgtb.be\/sinformer\/<\/a><\/p>\n\n\n\n<h3 class=\"wp-block-heading\"><strong>Soziale Netzwerke<\/strong><\/h3>\n\n\n\n<p>Facebook&nbsp;: https: <a href=\"https:\/\/www.facebook.com\/JeunesFGTBVerviers\/\">\/\/www.facebook.com\/JeunesFGTBVerviers\/<\/a><\/p>\n\n\n\n<p>Instagram: https: <a href=\"https:\/\/www.instagram.com\/jeunes_fgtb\/?hl=fr\">\/\/www.instagram.com\/jeunes_fgtb\/?hl=fr<\/a><\/p>\n\n\n\n<p>Twitter: https: <a href=\"https:\/\/twitter.com\/JeunesFGTB\">\/\/twitter.com\/JeunesFGTB<\/a><\/p>\n\n\n\n<h3 class=\"wp-block-heading\">Warum sollte man sich angliedern?<\/h3>\n\n\n\n<ul class=\"wp-block-list\">\n<li>\u00dcber Themen informiert werden, die Jugendliche, Arbeit und Studium betreffen: Deine Rechte und Pflichten als Jobber, Praktikant, Auszubildender oder Student, was du wissen musst, wenn du die Schule verl\u00e4sst (Vertr\u00e4ge, Gehalt, Kindergeld, Steuern, Jugendferien, Stipendien, Forem, Actiris, ONEM usw.).<\/li>\n\n\n\n<li>Verteidigt werden, wenn du im Rahmen deines Studentenjobs oder deiner Lehre Sorgen hast.<\/li>\n\n\n\n<li>An der Verteidigung kollektiver Interessen teilnehmen: Die Junge FGTB verteidigt ein solidarisches und egalit\u00e4res Gesellschaftsprojekt: mehr Rechte f\u00fcr Studentenjobber, mehr und bessere Arbeitspl\u00e4tze f\u00fcr alle, kostenlose und qualitativ hochwertige Bildung.<\/li>\n\n\n\n<li>In ein Netzwerk junger Aktivistinnen und Aktivisten eintreten: Die FGTB-Jugend organisiert Aktivit\u00e4ten aller Art (Schulungen, Animationen, Debatten, Veranstaltungen, kulturelle Aktivit\u00e4ten, internationaler Austausch, Aktionen gegen Rechtsextremismus usw.).<\/li>\n\n\n\n<li>Teilnahme an jugendrelevanten Entscheidungsfindungen des FGTB.<\/li>\n\n\n\n<li>An deiner Schule eine Gewerkschaftssektion zur Vertretung der Sch\u00fclerinnen und Sch\u00fcler aufbauen oder K\u00e4mpfe auf lokaler Ebene f\u00fchren.<\/li>\n\n\n\n<li>Kostenloser Zugang zu bestimmten Dienstleistungen der FGTB und Erfahrung von Solidarit\u00e4t.<\/li>\n<\/ul>\n\n\n\n<p>Die Mitgliedschaft in der Jungen FGTB ist bis zu deiner ersten Arbeitsstelle oder bis zum Bezug des vollen Arbeitslosengeldes kostenlos. Dann musst du dich in einer der Berufszentralen der FGTB organisieren.<\/p>\n","protected":false},"excerpt":{"rendered":"<p>Les Jeunes FGTB Verviers-OstBelgien, das ist sowohl eine Gewerkschaft, die an deiner Seite k\u00e4mpft, als auch eine von der F\u00e9d\u00e9ration Wallonie-Bruxelles anerkannte Jugendorganisation. Wir k\u00e4mpfen f\u00fcr bessere Arbeits- und Ausbildungsbedingungen f\u00fcr junge Menschen, egal ob sie studieren, arbeiten, eine Ausbildung machen, ein Praktikum absolvieren oder Eingliederungszusch\u00fcsse erhalten. Wir sind dazu da, ihnen soziale und rechtliche Verteidigung zu verschaffen.<\/p>\n","protected":false},"featured_media":1082,"template":"","categories":[],"class_list":["post-297","centrales","type-centrales","status-publish","has-post-thumbnail","hentry"],"acf":[],"yoast_head":"<!-- This site is optimized with the Yoast SEO plugin v27.4 - https:\/\/yoast.com\/product\/yoast-seo-wordpress\/ -->\n<title>Junge FGTB Verviers - FGTB Verviers<\/title>\n<meta name=\"robots\" content=\"index, follow, max-snippet:-1, max-image-preview:large, max-video-preview:-1\" \/>\n<link rel=\"canonical\" href=\"http:\/\/fgtb-verviers.be\/de\/centrales\/junge-fgtb-verviers\/\" \/>\n<meta property=\"og:locale\" content=\"de_DE\" \/>\n<meta property=\"og:type\" content=\"article\" \/>\n<meta property=\"og:title\" content=\"Junge FGTB Verviers - FGTB Verviers\" \/>\n<meta property=\"og:description\" content=\"Les Jeunes FGTB Verviers-OstBelgien, das ist sowohl eine Gewerkschaft, die an deiner Seite k\u00e4mpft, als auch eine von der F\u00e9d\u00e9ration Wallonie-Bruxelles anerkannte Jugendorganisation. Wir k\u00e4mpfen f\u00fcr bessere Arbeits- und Ausbildungsbedingungen f\u00fcr junge Menschen, egal ob sie studieren, arbeiten, eine Ausbildung machen, ein Praktikum absolvieren oder Eingliederungszusch\u00fcsse erhalten. Wir sind dazu da, ihnen soziale und rechtliche Verteidigung zu verschaffen.\" \/>\n<meta property=\"og:url\" content=\"http:\/\/fgtb-verviers.be\/de\/centrales\/junge-fgtb-verviers\/\" \/>\n<meta property=\"og:site_name\" content=\"FGTB Verviers\" \/>\n<meta property=\"article:modified_time\" content=\"2023-11-20T13:23:37+00:00\" \/>\n<meta property=\"og:image\" content=\"http:\/\/fgtb-verviers.be\/wp-content\/uploads\/2023\/10\/Logo-jeunes-fgtb-5.jpg\" \/>\n\t<meta property=\"og:image:width\" content=\"409\" \/>\n\t<meta property=\"og:image:height\" content=\"159\" \/>\n\t<meta property=\"og:image:type\" content=\"image\/jpeg\" \/>\n<meta name=\"twitter:card\" content=\"summary_large_image\" \/>\n<meta name=\"twitter:label1\" content=\"Gesch\u00e4tzte Lesezeit\" \/>\n\t<meta name=\"twitter:data1\" content=\"3\u00a0Minuten\" \/>\n<script type=\"application\/ld+json\" class=\"yoast-schema-graph\">{\"@context\":\"https:\\\/\\\/schema.org\",\"@graph\":[{\"@type\":\"WebPage\",\"@id\":\"http:\\\/\\\/fgtb-verviers.be\\\/de\\\/centrales\\\/junge-fgtb-verviers\\\/\",\"url\":\"http:\\\/\\\/fgtb-verviers.be\\\/de\\\/centrales\\\/junge-fgtb-verviers\\\/\",\"name\":\"Junge FGTB Verviers - FGTB Verviers\",\"isPartOf\":{\"@id\":\"http:\\\/\\\/fgtb-verviers.be\\\/#website\"},\"primaryImageOfPage\":{\"@id\":\"http:\\\/\\\/fgtb-verviers.be\\\/de\\\/centrales\\\/junge-fgtb-verviers\\\/#primaryimage\"},\"image\":{\"@id\":\"http:\\\/\\\/fgtb-verviers.be\\\/de\\\/centrales\\\/junge-fgtb-verviers\\\/#primaryimage\"},\"thumbnailUrl\":\"http:\\\/\\\/fgtb-verviers.be\\\/wp-content\\\/uploads\\\/2023\\\/10\\\/Logo-jeunes-fgtb-5.jpg\",\"datePublished\":\"2023-10-12T09:57:33+00:00\",\"dateModified\":\"2023-11-20T13:23:37+00:00\",\"breadcrumb\":{\"@id\":\"http:\\\/\\\/fgtb-verviers.be\\\/de\\\/centrales\\\/junge-fgtb-verviers\\\/#breadcrumb\"},\"inLanguage\":\"de\",\"potentialAction\":[{\"@type\":\"ReadAction\",\"target\":[\"http:\\\/\\\/fgtb-verviers.be\\\/de\\\/centrales\\\/junge-fgtb-verviers\\\/\"]}]},{\"@type\":\"ImageObject\",\"inLanguage\":\"de\",\"@id\":\"http:\\\/\\\/fgtb-verviers.be\\\/de\\\/centrales\\\/junge-fgtb-verviers\\\/#primaryimage\",\"url\":\"http:\\\/\\\/fgtb-verviers.be\\\/wp-content\\\/uploads\\\/2023\\\/10\\\/Logo-jeunes-fgtb-5.jpg\",\"contentUrl\":\"http:\\\/\\\/fgtb-verviers.be\\\/wp-content\\\/uploads\\\/2023\\\/10\\\/Logo-jeunes-fgtb-5.jpg\",\"width\":409,\"height\":159},{\"@type\":\"BreadcrumbList\",\"@id\":\"http:\\\/\\\/fgtb-verviers.be\\\/de\\\/centrales\\\/junge-fgtb-verviers\\\/#breadcrumb\",\"itemListElement\":[{\"@type\":\"ListItem\",\"position\":1,\"name\":\"Accueil\",\"item\":\"http:\\\/\\\/fgtb-verviers.be\\\/\"},{\"@type\":\"ListItem\",\"position\":2,\"name\":\"Junge FGTB Verviers\"}]},{\"@type\":\"WebSite\",\"@id\":\"http:\\\/\\\/fgtb-verviers.be\\\/#website\",\"url\":\"http:\\\/\\\/fgtb-verviers.be\\\/\",\"name\":\"FGTB Verviers\",\"description\":\"Ensemble, on est plus forts !\",\"potentialAction\":[{\"@type\":\"SearchAction\",\"target\":{\"@type\":\"EntryPoint\",\"urlTemplate\":\"http:\\\/\\\/fgtb-verviers.be\\\/?s={search_term_string}\"},\"query-input\":{\"@type\":\"PropertyValueSpecification\",\"valueRequired\":true,\"valueName\":\"search_term_string\"}}],\"inLanguage\":\"de\"}]}<\/script>\n<!-- \/ Yoast SEO plugin. -->","yoast_head_json":{"title":"Junge FGTB Verviers - FGTB Verviers","robots":{"index":"index","follow":"follow","max-snippet":"max-snippet:-1","max-image-preview":"max-image-preview:large","max-video-preview":"max-video-preview:-1"},"canonical":"http:\/\/fgtb-verviers.be\/de\/centrales\/junge-fgtb-verviers\/","og_locale":"de_DE","og_type":"article","og_title":"Junge FGTB Verviers - FGTB Verviers","og_description":"Les Jeunes FGTB Verviers-OstBelgien, das ist sowohl eine Gewerkschaft, die an deiner Seite k\u00e4mpft, als auch eine von der F\u00e9d\u00e9ration Wallonie-Bruxelles anerkannte Jugendorganisation. Wir k\u00e4mpfen f\u00fcr bessere Arbeits- und Ausbildungsbedingungen f\u00fcr junge Menschen, egal ob sie studieren, arbeiten, eine Ausbildung machen, ein Praktikum absolvieren oder Eingliederungszusch\u00fcsse erhalten. Wir sind dazu da, ihnen soziale und rechtliche Verteidigung zu verschaffen.","og_url":"http:\/\/fgtb-verviers.be\/de\/centrales\/junge-fgtb-verviers\/","og_site_name":"FGTB Verviers","article_modified_time":"2023-11-20T13:23:37+00:00","og_image":[{"width":409,"height":159,"url":"http:\/\/fgtb-verviers.be\/wp-content\/uploads\/2023\/10\/Logo-jeunes-fgtb-5.jpg","type":"image\/jpeg"}],"twitter_card":"summary_large_image","twitter_misc":{"Gesch\u00e4tzte Lesezeit":"3\u00a0Minuten"},"schema":{"@context":"https:\/\/schema.org","@graph":[{"@type":"WebPage","@id":"http:\/\/fgtb-verviers.be\/de\/centrales\/junge-fgtb-verviers\/","url":"http:\/\/fgtb-verviers.be\/de\/centrales\/junge-fgtb-verviers\/","name":"Junge FGTB Verviers - FGTB Verviers","isPartOf":{"@id":"http:\/\/fgtb-verviers.be\/#website"},"primaryImageOfPage":{"@id":"http:\/\/fgtb-verviers.be\/de\/centrales\/junge-fgtb-verviers\/#primaryimage"},"image":{"@id":"http:\/\/fgtb-verviers.be\/de\/centrales\/junge-fgtb-verviers\/#primaryimage"},"thumbnailUrl":"http:\/\/fgtb-verviers.be\/wp-content\/uploads\/2023\/10\/Logo-jeunes-fgtb-5.jpg","datePublished":"2023-10-12T09:57:33+00:00","dateModified":"2023-11-20T13:23:37+00:00","breadcrumb":{"@id":"http:\/\/fgtb-verviers.be\/de\/centrales\/junge-fgtb-verviers\/#breadcrumb"},"inLanguage":"de","potentialAction":[{"@type":"ReadAction","target":["http:\/\/fgtb-verviers.be\/de\/centrales\/junge-fgtb-verviers\/"]}]},{"@type":"ImageObject","inLanguage":"de","@id":"http:\/\/fgtb-verviers.be\/de\/centrales\/junge-fgtb-verviers\/#primaryimage","url":"http:\/\/fgtb-verviers.be\/wp-content\/uploads\/2023\/10\/Logo-jeunes-fgtb-5.jpg","contentUrl":"http:\/\/fgtb-verviers.be\/wp-content\/uploads\/2023\/10\/Logo-jeunes-fgtb-5.jpg","width":409,"height":159},{"@type":"BreadcrumbList","@id":"http:\/\/fgtb-verviers.be\/de\/centrales\/junge-fgtb-verviers\/#breadcrumb","itemListElement":[{"@type":"ListItem","position":1,"name":"Accueil","item":"http:\/\/fgtb-verviers.be\/"},{"@type":"ListItem","position":2,"name":"Junge FGTB Verviers"}]},{"@type":"WebSite","@id":"http:\/\/fgtb-verviers.be\/#website","url":"http:\/\/fgtb-verviers.be\/","name":"FGTB Verviers","description":"Ensemble, on est plus forts !","potentialAction":[{"@type":"SearchAction","target":{"@type":"EntryPoint","urlTemplate":"http:\/\/fgtb-verviers.be\/?s={search_term_string}"},"query-input":{"@type":"PropertyValueSpecification","valueRequired":true,"valueName":"search_term_string"}}],"inLanguage":"de"}]}},"_links":{"self":[{"href":"http:\/\/fgtb-verviers.be\/de\/wp-json\/wp\/v2\/centrales\/297","targetHints":{"allow":["GET"]}}],"collection":[{"href":"http:\/\/fgtb-verviers.be\/de\/wp-json\/wp\/v2\/centrales"}],"about":[{"href":"http:\/\/fgtb-verviers.be\/de\/wp-json\/wp\/v2\/types\/centrales"}],"wp:featuredmedia":[{"embeddable":true,"href":"http:\/\/fgtb-verviers.be\/de\/wp-json\/wp\/v2\/media\/1082"}],"wp:attachment":[{"href":"http:\/\/fgtb-verviers.be\/de\/wp-json\/wp\/v2\/media?parent=297"}],"wp:term":[{"taxonomy":"category","embeddable":true,"href":"http:\/\/fgtb-verviers.be\/de\/wp-json\/wp\/v2\/categories?post=297"}],"curies":[{"name":"wp","href":"https:\/\/api.w.org\/{rel}","templated":true}]}}